{"id":130,"date":"2026-03-04T14:34:36","date_gmt":"2026-03-04T17:34:36","guid":{"rendered":"http:\/\/adefav.org.br\/?page_id=130"},"modified":"2026-03-04T14:34:36","modified_gmt":"2026-03-04T17:34:36","slug":"assistencia-social-2","status":"publish","type":"page","link":"http:\/\/adefav.org.br\/index.php\/assistencia-social-2\/","title":{"rendered":"Assist\u00eancia Social"},"content":{"rendered":"\n<p>O Instituto ADEFAV desenvolve programas socioassistenciais voltados ao fortalecimento familiar, inclus\u00e3o social e garantia de direitos.<\/p>\n\n\n\n<p>Entre os servi\u00e7os oferecidos est\u00e3o:<\/p>\n\n\n\n<ul class=\"wp-block-list\">\n<li>Atendimento e orienta\u00e7\u00e3o \u00e0s fam\u00edlias<\/li>\n\n\n\n<li>Grupos de conviv\u00eancia<\/li>\n\n\n\n<li>Apoio ao desenvolvimento infantil<\/li>\n\n\n\n<li>Promo\u00e7\u00e3o da autonomia e qualidade de vida<\/li>\n\n\n\n<li>Programas de inclus\u00e3o social<\/li>\n<\/ul>\n\n\n\n<p>Acreditamos que inclus\u00e3o n\u00e3o \u00e9 favor, \u00e9 direito.<\/p>\n","protected":false},"excerpt":{"rendered":"<p>O Instituto ADEFAV desenvolve programas socioassistenciais voltados ao fortalecimento familiar, inclus\u00e3o social e garantia de direitos. Entre os servi\u00e7os oferecidos est\u00e3o: Acreditamos que inclus\u00e3o n\u00e3o \u00e9 favor, \u00e9 direito.<\/p>\n","protected":false},"author":1,"featured_media":0,"parent":0,"menu_order":0,"comment_status":"closed","ping_status":"closed","template":"","meta":{"_vp_format_video_url":"","_vp_image_focal_point":[],"footnotes":""},"class_list":["post-130","page","type-page","status-publish","hentry"],"_links":{"self":[{"href":"http:\/\/adefav.org.br\/index.php\/wp-json\/wp\/v2\/pages\/130","targetHints":{"allow":["GET"]}}],"collection":[{"href":"http:\/\/adefav.org.br\/index.php\/wp-json\/wp\/v2\/pages"}],"about":[{"href":"http:\/\/adefav.org.br\/index.php\/wp-json\/wp\/v2\/types\/page"}],"author":[{"embeddable":true,"href":"http:\/\/adefav.org.br\/index.php\/wp-json\/wp\/v2\/users\/1"}],"replies":[{"embeddable":true,"href":"http:\/\/adefav.org.br\/index.php\/wp-json\/wp\/v2\/comments?post=130"}],"version-history":[{"count":1,"href":"http:\/\/adefav.org.br\/index.php\/wp-json\/wp\/v2\/pages\/130\/revisions"}],"predecessor-version":[{"id":131,"href":"http:\/\/adefav.org.br\/index.php\/wp-json\/wp\/v2\/pages\/130\/revisions\/131"}],"wp:attachment":[{"href":"http:\/\/adefav.org.br\/index.php\/wp-json\/wp\/v2\/media?parent=130"}],"curies":[{"name":"wp","href":"https:\/\/api.w.org\/{rel}","templated":true}]}}